{"id":4812,"date":"2023-05-15T20:17:58","date_gmt":"2023-05-15T20:17:58","guid":{"rendered":"https:\/\/www.betweenlgbt.com.mx\/?page_id=4812"},"modified":"2023-05-16T15:48:13","modified_gmt":"2023-05-16T15:48:13","slug":"marlon-pabon","status":"publish","type":"page","link":"https:\/\/www.betweenlgbt.com.mx\/en\/marlon-pabon\/","title":{"rendered":"Marlon Pab\u00f3n"},"content":{"rendered":"<div class=\"vc_row wpb_row vc_row-fluid\"><div class=\"wpb_column vc_column_container vc_col-sm-12\"><div class=\"vc_column-inner\"><div class=\"wpb_wrapper\">\n\t<div class=\"wpb_text_column wpb_content_element \" >\n\t\t<div class=\"wpb_wrapper\">\n\t\t\t<p style=\"text-align: center;\"><span style=\"font-size: 18pt; color: #000000;\"><strong>Entre la discriminaci\u00f3n y la reivindicaci\u00f3n en las urnas: \u00a0la participaci\u00f3n pol\u00edtica de personas LGBTIQ+<\/strong><\/span><\/p>\n<p>&nbsp;<\/p>\n<p>&nbsp;<\/p>\n<p style=\"text-align: right;\"><span style=\"font-size: 14pt;\"><em><strong>Por Marlon Pab\u00f3n<\/strong><\/em><\/span><\/p>\n<p style=\"text-align: right;\"><em><strong>Integrante y cofundador del Observatorio Latinoamericano y del Caribe de derechos pol\u00edticos y electorales de personas trans; i<\/strong><\/em><em><strong>nvestigador del Observatorio de Reformas Pol\u00edticas en Am\u00e9rica Latina y coordinador del \u00e1rea de administraci\u00f3n p\u00fablica y transparencia de la Misi\u00f3n de Observaci\u00f3n Electoral MOE Colombia.<\/strong> <\/em><\/p>\n\n\t\t<\/div>\n\t<\/div>\n<div class=\"vc_empty_space\"   style=\"height: 32px\"><span class=\"vc_empty_space_inner\"><\/span><\/div><\/div><\/div><\/div><\/div><div class=\"vc_row wpb_row vc_row-fluid\"><div class=\"wpb_column vc_column_container vc_col-sm-12\"><div class=\"vc_column-inner\"><div class=\"wpb_wrapper\">\n\t<div class=\"wpb_text_column wpb_content_element \" >\n\t\t<div class=\"wpb_wrapper\">\n\t\t\t<p><span style=\"font-size: 14pt; color: #000000;\">Entre el 2019 y el 2022 se realizaron elecciones en 12 pa\u00edses de Am\u00e9rica Latina y el Caribe para renovar el poder legislativo; en siete de estos: Guatemala, Per\u00fa, M\u00e9xico, Honduras, Chile, Colombia y Brasil se eligieron a 38 Congresistas pertenecientes al sector social LGBTIQ+. Esto es un hecho destacable, sobre todo si se tiene en cuenta que los procesos electorales est\u00e1n lejos de ser igualitarios y que la mayor\u00eda de los pa\u00edses de la regi\u00f3n no contemplan normas que promuevan la participaci\u00f3n y representaci\u00f3n pol\u00edtica de personas con orientaci\u00f3n sexual e identidad de g\u00e9nero diversa, en los que adem\u00e1s persisten altos \u00edndices de violencia y pr\u00e1cticas discriminatorias.<\/span><\/p>\n<p>&nbsp;<\/p>\n<p><span style=\"font-size: 14pt; color: #000000;\">En relaci\u00f3n con lo anterior, llama la atenci\u00f3n que Colombia y Brasil, que son los pa\u00edses m\u00e1s violentos de Am\u00e9rica Latina y el Caribe con 205<a style=\"color: #000000;\" href=\"#_ftn1\" name=\"_ftnref1\">[1]<\/a> y 300<a style=\"color: #000000;\" href=\"#_ftn2\" name=\"_ftnref2\">[2]<\/a> v\u00edctimas de homicidios LGBTIQ+ registrados en el 2021, respectivamente, tambi\u00e9n lograron la mayor representaci\u00f3n LGBTIQ+ en los espacios legislativos. En Colombia resultaron electas siete personas, de las cuales tres se reconocen como lesbianas, dos como gays, una como mujer bisexual y por primera vez lleg\u00f3 una persona que se autoidentifica como no binaria. En el caso de Brasil se eligieron 18 candidaturas LGBTIQ+; dentro de este grupo se destaca la llegada de cuatro mujeres trans: dos como diputadas federales (Duda Salabert y Ericka Hilton) y dos como diputadas de Estado (Linda Brasil y Dani Balbi).<\/span><\/p>\n<p>&nbsp;<\/p>\n<p><span style=\"font-size: 14pt; color: #000000;\">Adicionalmente, Brasil vive lo que se podr\u00eda definir como la paradoja de la participaci\u00f3n pol\u00edtica de las personas LGBTIQ+: la coexistencia entre un alto n\u00famero de candidaturas y personas electas, que viene en aumento; y una violencia end\u00e9mica caracterizada por agresiones f\u00edsicas, homicidios, discursos cargados de prejuicios, estigmatizaci\u00f3n y de acciones que criminalizan los cuerpos y los actos p\u00fablicos de personas LGBTIQ+. Ilustrado con ejemplos, se encuentra en primer lugar que Brasil se convirti\u00f3 en el pa\u00eds con mayor representaci\u00f3n de personas LGBTIQ+ en el Congreso y como aquel entre la regi\u00f3n que cuenta con el mayor n\u00famero de personas trans elegidas popularmente para un proceso legislativo. De acuerdo con los datos de la Asociaci\u00f3n Nacional de Travestis y Transexuales (ANTRA), para los comicios de 2022 aspiraron 76 candidaturas trans, lo que represent\u00f3 un 44% m\u00e1s que las registradas en 2018. Pero, por otro lado, este pa\u00eds registr\u00f3 el m\u00e1s alto n\u00famero de homicidios contra personas trans durante el 2021 y el 2022 con 111 y 77 v\u00edctimas, respectivamente, de acuerdo con las estad\u00edsticas del Observatorio de Personas Trans Asesinadas.<\/span><\/p>\n<p>&nbsp;<\/p>\n<p><span style=\"font-size: 14pt; color: #000000;\">La presencia y voz de personas LGBTIQ+ en espacios que tradicionalmente han sido dominados por personas heterosexuales y cisg\u00e9nero genera cierto tipo de expectativa. Esta puede ser la oportunidad para que se impulsen agendas legislativas y otro tipo de mecanismos de incidencia que logren impactar y transformar las realidades de exclusi\u00f3n y abandono institucional a las que hist\u00f3ricamente han sido sometidas quienes pertenecen a este sector poblacional. Sin embargo, tambi\u00e9n se debe tener en cuenta que las personas LGBTIQ+ electas se enfrentar\u00e1n, o ya se est\u00e1n enfrentando, a estructuras sociales y culturales, as\u00ed como a pr\u00e1cticas pol\u00edticas en las que a\u00fan prevalece el sesgo o creencia de que lo heterosexual y cisg\u00e9nero es los \u201cv\u00e1lido\u201d, lo \u201ccorrecto\u201d y que cualquier exigencia para el reconocimiento de derechos posiblemente ser\u00e1 le\u00edda como un privilegio o intento por revertir el \u201corden social y moral\u201d. Lo anterior, sumado a la creciente ola del discurso antiderechos promovido desde diferentes sectores, ser\u00e1 quiz\u00e1s uno de los principales obst\u00e1culos.<\/span><\/p>\n<p>&nbsp;<\/p>\n<p><span style=\"font-size: 14pt; color: #000000;\">De acuerdo con lo se\u00f1alado, ya se han evidenciado algunas manifestaciones de violencia pol\u00edtica contra personas LGBTIQ+.<a style=\"color: #000000;\" href=\"#_ftn3\" name=\"_ftnref3\">[3]<\/a> Vale la pena recordar que el diputado Aldo D\u00e1vila Morales, de Guatemala, fue elegido en el 2019 y se convirti\u00f3 en el primer pol\u00edtico abiertamente gay. Con su llegada, Aldo D\u00e1vila se ha tenido que enfrentar a actos homof\u00f3bicos promovidos al interior del Congreso, como por ejemplo cuando le gritaron \u201cmaric\u00f3n\u201d e hicieron diferentes sonidos y comentarios en tono de burla por su orientaci\u00f3n sexual, luego de que finalizara su intervenci\u00f3n en la discusi\u00f3n de un proyecto de Ley. Actos violentos similares tambi\u00e9n los ha sufrido V\u00edctor Manuel Grajeda, primer parlamentario gay de Honduras elegido en el 2021; mientras presentaba un informe sobre la situaci\u00f3n de derechos de las personas LGBT+ fue abucheado por otros Congresistas.<\/span><\/p>\n<p>&nbsp;<\/p>\n<p><span style=\"font-size: 14pt; color: #000000;\">El no reconocimiento y respeto de la identidad de g\u00e9nero tambi\u00e9n ha derivado en comportamientos transf\u00f3bicos, ya sea por ataques directos a las parlamentarias trans o indirectos hac\u00eda las personas trans. En el primero de ellos, en el marco de una discusi\u00f3n al interior del Congreso un Diputado le expres\u00f3 a la Diputada Emilia Schneider que ella jam\u00e1s podr\u00eda abortar. En el segundo grupo, se encuentran manifestaciones violentas como la ejercida por el Diputado Nikolas Ferreira de Brasil, quien \u00a0en el D\u00eda Internacional de la Mujer se puso una peluca y manifest\u00f3 \u201cla izquierda dijo que no pod\u00eda hablar, as\u00ed que resolv\u00ed ese problema aqu\u00ed. Hoy me siento mujer, me siento la diputada Nikole\u201d y adicionalmente agreg\u00f3 \u201clas mujeres est\u00e1n perdiendo su espacio por hombres que se sienten mujeres.\u00a0Quieren imponer una realidad que no es\u201d.<\/span><\/p>\n<p>&nbsp;<\/p>\n<p><span style=\"font-size: 14pt; color: #000000;\">Por lo tanto, se deben realizar las adecuaciones institucionales y normativas para que se investiguen y sancionen este tipo de comportamientos que impactan en el ejercicio de los derechos pol\u00edticos de las personas agredidas, pero que adem\u00e1s por su carga simb\u00f3lica pueden generar otras afectaciones colectivas.<\/span><\/p>\n<p>&nbsp;<\/p>\n<p><span style=\"font-size: 14pt; color: #000000;\">Si bien las normas para lograr la participaci\u00f3n y representaci\u00f3n efectiva de las personas LGBTIQ+ deben ir acompa\u00f1adas de fuertes cambios sociales y culturales; es hora de que los gobiernos y organismos electorales asuman con mayor seriedad y compromiso los retos para avanzar hacia una democracia plural. En este sentido se deben generar ciertas reflexiones sobre las barreras de acceso a las que se enfrentan, como por ejemplo (i) el impacto de la violencia en el debilitamiento de los liderazgos y los procesos asociativos, que a su vez son diferenciados ya sea por la orientaci\u00f3n sexual o la identidad de g\u00e9nero; (ii) las dificultades para ingresar a los partidos pol\u00edticos; (iii) la relaci\u00f3n entre el costo de las campa\u00f1as electorales y los obst\u00e1culos para acceder a recursos econ\u00f3micos. Adicionalmente, (iv) los tratos discriminatorios que pueden recibir durante el ejercicio de la campa\u00f1a y lo que implica en la dignidad e integridad de las personas LGBTIQ+ y (iv) la instauraci\u00f3n de p\u00e1nicos morales como arma pol\u00edtica para frenar su llegada al poder; solo por mencionar algunas.<\/span><\/p>\n<p>&nbsp;<\/p>\n<p><span style=\"font-size: 14pt; color: #000000;\">En todo caso, la creciente presencia de Congresistas LGBT+ es algo hist\u00f3rico y su apuesta ciudadana y pol\u00edtica reivindica las trayectorias de vida de las personas sexo-g\u00e9nero diversas que hist\u00f3ricamente han sido relegadas de los espacios de decisi\u00f3n y de poder. Es un s\u00edntoma positivo, sobre todo porque los procesos electorales est\u00e1n lejos de ser igualitarios.<\/span><\/p>\n\n\t\t<\/div>\n\t<\/div>\n<\/div><\/div><\/div><\/div><div class=\"vc_row wpb_row vc_row-fluid\"><div class=\"wpb_column vc_column_container vc_col-sm-12\"><div class=\"vc_column-inner\"><div class=\"wpb_wrapper\"><div class=\"vc_separator wpb_content_element vc_separator_align_center vc_sep_width_100 vc_sep_pos_align_center vc_separator_no_text vc_sep_color_grey\" ><span class=\"vc_sep_holder vc_sep_holder_l\"><span  class=\"vc_sep_line\"><\/span><\/span><span class=\"vc_sep_holder vc_sep_holder_r\"><span  class=\"vc_sep_line\"><\/span><\/span>\n<\/div>\n\t<div class=\"wpb_text_column wpb_content_element \" >\n\t\t<div class=\"wpb_wrapper\">\n\t\t\t<p><a href=\"#_ftnref1\" name=\"_ftn1\">[1]<\/a> La Violencia s\u00ed deja rastro: Informe sobre la situaci\u00f3n de homicidios contra personas lesbianas, gays, bisexuales y trans (LGBT) en Am\u00e9rica Latina y el Caribe. 2021.<\/p>\n<p><a href=\"#_ftnref2\" name=\"_ftn2\">[2]<\/a>\u00a0 Se puede consultar la siguiente nota de prensa: https:\/\/www.swissinfo.ch\/spa\/brasil-homofobia_brasil-contin%C3%BAa-como-el-pa%C3%ADs-con-m%C3%A1s-muertes-por-homofobia-en-el-mundo\/47382776<\/p>\n<p><a href=\"#_ftnref3\" name=\"_ftn3\">[3]<\/a> Sobre el particular se puede consultar el documento \u201cElementos para pensar en la violencia pol\u00edtica contra las personas LGBTIQ+. Documento de Trabajo No. 27. M\u00e9xico: Observatorio de Reformas Pol\u00edticas en Am\u00e9rica Latina, IIJ-UNAM y Organizaci\u00f3n de los Estados Americanos (OEA).<\/p>\n\n\t\t<\/div>\n\t<\/div>\n<div class=\"vc_separator wpb_content_element vc_separator_align_center vc_sep_width_100 vc_sep_pos_align_center vc_separator_no_text vc_sep_color_grey\" ><span class=\"vc_sep_holder vc_sep_holder_l\"><span  class=\"vc_sep_line\"><\/span><\/span><span class=\"vc_sep_holder vc_sep_holder_r\"><span  class=\"vc_sep_line\"><\/span><\/span>\n<\/div><\/div><\/div><\/div><\/div><div class=\"vc_row wpb_row vc_row-fluid\"><div class=\"wpb_column vc_column_container vc_col-sm-12\"><div class=\"vc_column-inner\"><div class=\"wpb_wrapper\"><div class=\"vc_empty_space\"   style=\"height: 32px\"><span class=\"vc_empty_space_inner\"><\/span><\/div><\/div><\/div><\/div><\/div><div class=\"vc_row wpb_row vc_row-fluid\"><div class=\"wpb_column vc_column_container vc_col-sm-6\"><div class=\"vc_column-inner\"><div class=\"wpb_wrapper\"><style type=\"text\/css\" data-type=\"the7_shortcodes-inline-css\">.gallery-shortcode.gallery-masonry-shortcode-id-9a877a21d6284298e4b1b2ad37d02415 figure,\n.gallery-shortcode.gallery-masonry-shortcode-id-9a877a21d6284298e4b1b2ad37d02415 .rollover,\n.gallery-shortcode.gallery-masonry-shortcode-id-9a877a21d6284298e4b1b2ad37d02415 img,\n.gallery-shortcode.gallery-masonry-shortcode-id-9a877a21d6284298e4b1b2ad37d02415 .gallery-rollover {\n  border-radius: 0px;\n}\n.gallery-shortcode.gallery-masonry-shortcode-id-9a877a21d6284298e4b1b2ad37d02415.enable-bg-rollover .gallery-rollover {\n  background: ;\n  background: -webkit-linear-gradient();\n  background: linear-gradient();\n}\n.gallery-shortcode.gallery-masonry-shortcode-id-9a877a21d6284298e4b1b2ad37d02415.enable-img-shadow figure {\n  box-shadow: ;\n}\n.gallery-shortcode.gallery-masonry-shortcode-id-9a877a21d6284298e4b1b2ad37d02415.enable-bg-rollover.hover-scale figure .rollover:after {\n  background: ;\n  background: -webkit-linear-gradient();\n  background: linear-gradient();\n}\n.gallery-shortcode.gallery-masonry-shortcode-id-9a877a21d6284298e4b1b2ad37d02415 .gallery-zoom-ico {\n  width: 44px;\n  height: 44px;\n  line-height: 44px;\n  border-radius: 100px;\n  margin: -22px 0 0 -22px;\n  border-width: 0px;\n  color: #ffffff;\n}\n.dt-icon-bg-on.gallery-shortcode.gallery-masonry-shortcode-id-9a877a21d6284298e4b1b2ad37d02415 .gallery-zoom-ico {\n  background: rgba(255,255,255,0.3);\n  box-shadow: none;\n}\n.gallery-shortcode.gallery-masonry-shortcode-id-9a877a21d6284298e4b1b2ad37d02415 .gallery-zoom-ico:before,\n.gallery-shortcode.gallery-masonry-shortcode-id-9a877a21d6284298e4b1b2ad37d02415 .gallery-zoom-ico span {\n  font-size: 32px;\n  line-height: 44px;\n  color: #ffffff;\n}\n.gallery-shortcode.gallery-masonry-shortcode-id-9a877a21d6284298e4b1b2ad37d02415:not(.resize-by-browser-width) .dt-css-grid {\n  grid-row-gap: 10px;\n  grid-column-gap: 10px;\n  grid-template-columns: repeat(auto-fill,minmax(,1fr));\n}\n.gallery-shortcode.gallery-masonry-shortcode-id-9a877a21d6284298e4b1b2ad37d02415:not(.resize-by-browser-width) .dt-css-grid .double-width {\n  grid-column: span 2;\n}\n.cssgridlegacy.no-cssgrid .gallery-shortcode.gallery-masonry-shortcode-id-9a877a21d6284298e4b1b2ad37d02415:not(.resize-by-browser-width) .dt-css-grid,\n.no-cssgridlegacy.no-cssgrid .gallery-shortcode.gallery-masonry-shortcode-id-9a877a21d6284298e4b1b2ad37d02415:not(.resize-by-browser-width) .dt-css-grid {\n  display: flex;\n  flex-flow: row wrap;\n  margin: -5px;\n}\n.cssgridlegacy.no-cssgrid .gallery-shortcode.gallery-masonry-shortcode-id-9a877a21d6284298e4b1b2ad37d02415:not(.resize-by-browser-width) .dt-css-grid .wf-cell,\n.no-cssgridlegacy.no-cssgrid .gallery-shortcode.gallery-masonry-shortcode-id-9a877a21d6284298e4b1b2ad37d02415:not(.resize-by-browser-width) .dt-css-grid .wf-cell {\n  flex: 1 0 ;\n  min-width: ;\n  max-width: 100%;\n  padding: 5px;\n  box-sizing: border-box;\n}\n.gallery-shortcode.gallery-masonry-shortcode-id-9a877a21d6284298e4b1b2ad37d02415.resize-by-browser-width .dt-css-grid {\n  grid-template-columns: repeat(1,1fr);\n  grid-template-rows: auto;\n  grid-column-gap: 10px;\n  grid-row-gap: 10px;\n}\n.gallery-shortcode.gallery-masonry-shortcode-id-9a877a21d6284298e4b1b2ad37d02415.resize-by-browser-width .dt-css-grid .double-width {\n  grid-column: span 2;\n}\n.cssgridlegacy.no-cssgrid .gallery-shortcode.gallery-masonry-shortcode-id-9a877a21d6284298e4b1b2ad37d02415.resize-by-browser-width .dt-css-grid {\n  margin: -5px;\n}\n.cssgridlegacy.no-cssgrid .gallery-shortcode.gallery-masonry-shortcode-id-9a877a21d6284298e4b1b2ad37d02415.resize-by-browser-width .dt-css-grid .wf-cell {\n  width: 100%;\n  padding: 5px;\n}\n.cssgridlegacy.no-cssgrid .gallery-shortcode.gallery-masonry-shortcode-id-9a877a21d6284298e4b1b2ad37d02415.resize-by-browser-width .dt-css-grid .wf-cell.double-width {\n  width: calc(100%) * 2;\n}\n.gallery-shortcode.gallery-masonry-shortcode-id-9a877a21d6284298e4b1b2ad37d02415.resize-by-browser-width:not(.centered-layout-list):not(.content-bg-on) .dt-css-grid {\n  grid-row-gap: 10px - ;\n}\n@media screen and (max-width: 1199px) {\n  .gallery-shortcode.gallery-masonry-shortcode-id-9a877a21d6284298e4b1b2ad37d02415.resize-by-browser-width .dt-css-grid {\n    grid-template-columns: repeat(1,1fr);\n  }\n  .cssgridlegacy.no-cssgrid .gallery-shortcode.gallery-masonry-shortcode-id-9a877a21d6284298e4b1b2ad37d02415.resize-by-browser-width .dt-css-grid .wf-cell,\n  .no-cssgridlegacy.no-cssgrid .gallery-shortcode.gallery-masonry-shortcode-id-9a877a21d6284298e4b1b2ad37d02415.resize-by-browser-width .dt-css-grid .wf-cell {\n    width: 100%;\n  }\n  .cssgridlegacy.no-cssgrid .gallery-shortcode.gallery-masonry-shortcode-id-9a877a21d6284298e4b1b2ad37d02415.resize-by-browser-width .dt-css-grid .wf-cell.double-width,\n  .no-cssgridlegacy.no-cssgrid .gallery-shortcode.gallery-masonry-shortcode-id-9a877a21d6284298e4b1b2ad37d02415.resize-by-browser-width .dt-css-grid .wf-cell.double-width {\n    width: calc(100%)*2;\n  }\n}\n@media screen and (max-width: 991px) {\n  .gallery-shortcode.gallery-masonry-shortcode-id-9a877a21d6284298e4b1b2ad37d02415.resize-by-browser-width .dt-css-grid {\n    grid-template-columns: repeat(1,1fr);\n  }\n  .cssgridlegacy.no-cssgrid .gallery-shortcode.gallery-masonry-shortcode-id-9a877a21d6284298e4b1b2ad37d02415.resize-by-browser-width .dt-css-grid .wf-cell,\n  .no-cssgridlegacy.no-cssgrid .gallery-shortcode.gallery-masonry-shortcode-id-9a877a21d6284298e4b1b2ad37d02415.resize-by-browser-width .dt-css-grid .wf-cell {\n    width: 100%;\n  }\n  .cssgridlegacy.no-cssgrid .gallery-shortcode.gallery-masonry-shortcode-id-9a877a21d6284298e4b1b2ad37d02415.resize-by-browser-width .dt-css-grid .wf-cell.double-width,\n  .no-cssgridlegacy.no-cssgrid .gallery-shortcode.gallery-masonry-shortcode-id-9a877a21d6284298e4b1b2ad37d02415.resize-by-browser-width .dt-css-grid .wf-cell.double-width {\n    width: calc(100%)*2;\n  }\n}\n@media screen and (max-width: 767px) {\n  .gallery-shortcode.gallery-masonry-shortcode-id-9a877a21d6284298e4b1b2ad37d02415.resize-by-browser-width .dt-css-grid {\n    grid-template-columns: repeat(,1fr);\n  }\n  .cssgridlegacy.no-cssgrid .gallery-shortcode.gallery-masonry-shortcode-id-9a877a21d6284298e4b1b2ad37d02415.resize-by-browser-width .dt-css-grid .wf-cell,\n  .no-cssgridlegacy.no-cssgrid .gallery-shortcode.gallery-masonry-shortcode-id-9a877a21d6284298e4b1b2ad37d02415.resize-by-browser-width .dt-css-grid .wf-cell {\n    width: 100%\/;\n  }\n  .cssgridlegacy.no-cssgrid .gallery-shortcode.gallery-masonry-shortcode-id-9a877a21d6284298e4b1b2ad37d02415.resize-by-browser-width .dt-css-grid .wf-cell.double-width,\n  .no-cssgridlegacy.no-cssgrid .gallery-shortcode.gallery-masonry-shortcode-id-9a877a21d6284298e4b1b2ad37d02415.resize-by-browser-width .dt-css-grid .wf-cell.double-width {\n    width: calc(100%\/)*2;\n  }\n}\n<\/style><div class=\"gallery-shortcode dt-gallery-container gallery-masonry-shortcode-id-9a877a21d6284298e4b1b2ad37d02415 mode-masonry jquery-filter dt-icon-bg-off quick-scale-img enable-bg-rollover resize-by-browser-width  hover-fade loading-effect-none description-on-hover\" data-padding=\"5px\" data-cur-page=\"1\" data-post-limit=\"-1\" data-pagination-mode=\"none\" data-desktop-columns-num=\"1\" data-v-tablet-columns-num=\"1\" data-h-tablet-columns-num=\"1\" data-phone-columns-num=\"\" data-width=\"0px\" data-columns=\"0\"><div class=\"iso-container\" ><div class=\"wf-cell iso-item\" data-post-id=\"4813\" data-date=\"2023-05-15T20:02:10+00:00\" data-name=\"Marlon\"><figure class=\"post visible\"><a href=\"https:\/\/www.betweenlgbt.com.mx\/wp-content\/uploads\/2023\/05\/Marlon.jpg\" class=\"rollover dt-pswp-item layzr-bg\" data-large_image_width=\"400\" data-large_image_height=\"400\" data-dt-img-description=\"\" title=\"Marlon\"><img loading=\"lazy\" decoding=\"async\" class=\"preload-me iso-lazy-load\" src=\"data:image\/svg+xml,%3Csvg%20xmlns%3D&#39;http%3A%2F%2Fwww.w3.org%2F2000%2Fsvg&#39;%20viewBox%3D&#39;0%200%20400%20400&#39;%2F%3E\" data-src=\"https:\/\/www.betweenlgbt.com.mx\/wp-content\/uploads\/2023\/05\/Marlon.jpg\" data-srcset=\"https:\/\/www.betweenlgbt.com.mx\/wp-content\/uploads\/2023\/05\/Marlon.jpg 400w\" alt=\"\" width=\"400\" height=\"400\"  \/><span class=\"gallery-rollover\"><span class=\"gallery-zoom-ico icomoon-the7-font-the7-zoom-06\"><span><\/span><\/span><\/span><\/a><\/figure><\/div><\/div><!-- iso-container|iso-grid --><\/div><\/div><\/div><\/div><div class=\"wpb_column vc_column_container vc_col-sm-6\"><div class=\"vc_column-inner\"><div class=\"wpb_wrapper\">\n\t<div class=\"wpb_text_column wpb_content_element \" >\n\t\t<div class=\"wpb_wrapper\">\n\t\t\t<p style=\"text-align: right;\"><em><span style=\"font-size: 12pt;\">Bogot\u00e1, Colombia a 16 de mayo de 2023<\/span><\/em>.<\/p>\n\n\t\t<\/div>\n\t<\/div>\n\n\t<div class=\"wpb_text_column wpb_content_element \" >\n\t\t<div class=\"wpb_wrapper\">\n\t\t\t<p><span style=\"font-size: 12pt;\"><strong>Sobre el autor:<\/strong><\/span><\/p>\n<p><span style=\"font-size: 12pt;\"><strong>Marlon Pab\u00f3n Castro<\/strong>, es integrante y cofundador del Observatorio Latinoamericano y del Caribe de derechos pol\u00edticos y electorales de personas trans; investigador del Observatorio de Reformas Pol\u00edticas en Am\u00e9rica Latina y coordinador del \u00e1rea de administraci\u00f3n p\u00fablica y transparencia de la Misi\u00f3n de Observaci\u00f3n Electoral MOE Colombia.<\/span><\/p>\n<p><span style=\"font-size: 12pt;\">Twitter: <a href=\"https:\/\/twitter.com\/marlondpc\">@marlondpc<\/a><\/span><\/p>\n<p>Academia.edu:\u00a0<a href=\"https:\/\/independent.academia.edu\/MarlonPabon\">https:\/\/independent.academia.edu\/MarlonPabon<\/a><\/p>\n<p>&nbsp;<\/p>\n<p>&nbsp;<\/p>\n<div class=\"css-1dbjc4n r-1awozwy r-z2wwpe r-6koalj r-1q142lx\"><\/div>\n\n\t\t<\/div>\n\t<\/div>\n<\/div><\/div><\/div><\/div>\n","protected":false},"excerpt":{"rendered":"<p>Entre la discriminaci\u00f3n y la reivindicaci\u00f3n en las urnas: \u00a0la participaci\u00f3n pol\u00edtica de personas LGBTIQ+ &nbsp; &nbsp; Por Marlon Pab\u00f3n Integrante y cofundador del Observatorio Latinoamericano y del Caribe de derechos pol\u00edticos y electorales de personas trans; investigador del Observatorio de Reformas Pol\u00edticas en Am\u00e9rica Latina y coordinador del \u00e1rea de administraci\u00f3n p\u00fablica y transparencia&hellip;<\/p>","protected":false},"author":1,"featured_media":0,"parent":0,"menu_order":0,"comment_status":"closed","ping_status":"closed","template":"","meta":[],"class_list":["post-4812","page","type-page","status-publish","hentry","description-off"],"yoast_head":"<!-- This site is optimized with the Yoast SEO plugin v26.9 - https:\/\/yoast.com\/product\/yoast-seo-wordpress\/ -->\n<title>Marlon Pab\u00f3n - BETWEEN LGBT*<\/title>\n<meta name=\"robots\" content=\"index, follow, max-snippet:-1, max-image-preview:large, max-video-preview:-1\" \/>\n<link rel=\"canonical\" href=\"https:\/\/www.betweenlgbt.com.mx\/en\/marlon-pabon\/\" \/>\n<meta property=\"og:locale\" content=\"en_GB\" \/>\n<meta property=\"og:type\" content=\"article\" \/>\n<meta property=\"og:title\" content=\"Entre la discriminaci\u00f3n y la reivindicaci\u00f3n en las urnas: la participaci\u00f3n pol\u00edtica de personas LGBTIQ+\" \/>\n<meta property=\"og:url\" content=\"https:\/\/www.betweenlgbt.com.mx\/en\/marlon-pabon\/\" \/>\n<meta property=\"og:site_name\" content=\"BETWEEN LGBT*\" \/>\n<meta property=\"article:modified_time\" content=\"2023-05-16T15:48:13+00:00\" \/>\n<meta property=\"og:image\" content=\"https:\/\/www.betweenlgbt.com.mx\/wp-content\/uploads\/2023\/05\/Marlon.jpg\" \/>\n\t<meta property=\"og:image:width\" content=\"400\" \/>\n\t<meta property=\"og:image:height\" content=\"400\" \/>\n\t<meta property=\"og:image:type\" content=\"image\/jpeg\" \/>\n<meta name=\"twitter:card\" content=\"summary_large_image\" \/>\n<meta name=\"twitter:title\" content=\"Entre la discriminaci\u00f3n y la reivindicaci\u00f3n en las urnas: la participaci\u00f3n pol\u00edtica de personas LGBTIQ+\" \/>\n<meta name=\"twitter:image\" content=\"https:\/\/www.betweenlgbt.com.mx\/wp-content\/uploads\/2023\/05\/Marlon.jpg\" \/>\n<meta name=\"twitter:label1\" content=\"Estimated reading time\" \/>\n\t<meta name=\"twitter:data1\" content=\"8 minutes\" \/>\n<script type=\"application\/ld+json\" class=\"yoast-schema-graph\">{\"@context\":\"https:\/\/schema.org\",\"@graph\":[{\"@type\":\"WebPage\",\"@id\":\"https:\/\/www.betweenlgbt.com.mx\/marlon-pabon\/\",\"url\":\"https:\/\/www.betweenlgbt.com.mx\/marlon-pabon\/\",\"name\":\"Marlon Pab\u00f3n - BETWEEN LGBT*\",\"isPartOf\":{\"@id\":\"https:\/\/www.betweenlgbt.com.mx\/#website\"},\"datePublished\":\"2023-05-15T20:17:58+00:00\",\"dateModified\":\"2023-05-16T15:48:13+00:00\",\"breadcrumb\":{\"@id\":\"https:\/\/www.betweenlgbt.com.mx\/marlon-pabon\/#breadcrumb\"},\"inLanguage\":\"en-GB\",\"potentialAction\":[{\"@type\":\"ReadAction\",\"target\":[\"https:\/\/www.betweenlgbt.com.mx\/marlon-pabon\/\"]}]},{\"@type\":\"BreadcrumbList\",\"@id\":\"https:\/\/www.betweenlgbt.com.mx\/marlon-pabon\/#breadcrumb\",\"itemListElement\":[{\"@type\":\"ListItem\",\"position\":1,\"name\":\"Portada\",\"item\":\"https:\/\/www.betweenlgbt.com.mx\/\"},{\"@type\":\"ListItem\",\"position\":2,\"name\":\"Marlon Pab\u00f3n\"}]},{\"@type\":\"WebSite\",\"@id\":\"https:\/\/www.betweenlgbt.com.mx\/#website\",\"url\":\"https:\/\/www.betweenlgbt.com.mx\/\",\"name\":\"BETWEEN LGBT*\",\"description\":\"BETWEEN LGBT* es una plataforma para consulta de derechos humanos de la poblaci\u00f3n LGBT en M\u00e9xico y Am\u00e9rica Latina\",\"publisher\":{\"@id\":\"https:\/\/www.betweenlgbt.com.mx\/#organization\"},\"potentialAction\":[{\"@type\":\"SearchAction\",\"target\":{\"@type\":\"EntryPoint\",\"urlTemplate\":\"https:\/\/www.betweenlgbt.com.mx\/?s={search_term_string}\"},\"query-input\":{\"@type\":\"PropertyValueSpecification\",\"valueRequired\":true,\"valueName\":\"search_term_string\"}}],\"inLanguage\":\"en-GB\"},{\"@type\":\"Organization\",\"@id\":\"https:\/\/www.betweenlgbt.com.mx\/#organization\",\"name\":\"BETWEEN LGBT*\",\"url\":\"https:\/\/www.betweenlgbt.com.mx\/\",\"logo\":{\"@type\":\"ImageObject\",\"inLanguage\":\"en-GB\",\"@id\":\"https:\/\/www.betweenlgbt.com.mx\/#\/schema\/logo\/image\/\",\"url\":\"https:\/\/www.betweenlgbt.com.mx\/wp-content\/uploads\/2021\/12\/Captura-de-Pantalla-2021-12-20-a-las-14.19.48.png\",\"contentUrl\":\"https:\/\/www.betweenlgbt.com.mx\/wp-content\/uploads\/2021\/12\/Captura-de-Pantalla-2021-12-20-a-las-14.19.48.png\",\"width\":464,\"height\":332,\"caption\":\"BETWEEN LGBT*\"},\"image\":{\"@id\":\"https:\/\/www.betweenlgbt.com.mx\/#\/schema\/logo\/image\/\"}}]}<\/script>\n<!-- \/ Yoast SEO plugin. -->","yoast_head_json":{"title":"Marlon Pab\u00f3n - BETWEEN LGBT*","robots":{"index":"index","follow":"follow","max-snippet":"max-snippet:-1","max-image-preview":"max-image-preview:large","max-video-preview":"max-video-preview:-1"},"canonical":"https:\/\/www.betweenlgbt.com.mx\/en\/marlon-pabon\/","og_locale":"en_GB","og_type":"article","og_title":"Entre la discriminaci\u00f3n y la reivindicaci\u00f3n en las urnas: la participaci\u00f3n pol\u00edtica de personas LGBTIQ+","og_url":"https:\/\/www.betweenlgbt.com.mx\/en\/marlon-pabon\/","og_site_name":"BETWEEN LGBT*","article_modified_time":"2023-05-16T15:48:13+00:00","og_image":[{"width":400,"height":400,"url":"https:\/\/www.betweenlgbt.com.mx\/wp-content\/uploads\/2023\/05\/Marlon.jpg","type":"image\/jpeg"}],"twitter_card":"summary_large_image","twitter_title":"Entre la discriminaci\u00f3n y la reivindicaci\u00f3n en las urnas: la participaci\u00f3n pol\u00edtica de personas LGBTIQ+","twitter_image":"https:\/\/www.betweenlgbt.com.mx\/wp-content\/uploads\/2023\/05\/Marlon.jpg","twitter_misc":{"Estimated reading time":"8 minutes"},"schema":{"@context":"https:\/\/schema.org","@graph":[{"@type":"WebPage","@id":"https:\/\/www.betweenlgbt.com.mx\/marlon-pabon\/","url":"https:\/\/www.betweenlgbt.com.mx\/marlon-pabon\/","name":"Marlon Pab\u00f3n - BETWEEN LGBT*","isPartOf":{"@id":"https:\/\/www.betweenlgbt.com.mx\/#website"},"datePublished":"2023-05-15T20:17:58+00:00","dateModified":"2023-05-16T15:48:13+00:00","breadcrumb":{"@id":"https:\/\/www.betweenlgbt.com.mx\/marlon-pabon\/#breadcrumb"},"inLanguage":"en-GB","potentialAction":[{"@type":"ReadAction","target":["https:\/\/www.betweenlgbt.com.mx\/marlon-pabon\/"]}]},{"@type":"BreadcrumbList","@id":"https:\/\/www.betweenlgbt.com.mx\/marlon-pabon\/#breadcrumb","itemListElement":[{"@type":"ListItem","position":1,"name":"Portada","item":"https:\/\/www.betweenlgbt.com.mx\/"},{"@type":"ListItem","position":2,"name":"Marlon Pab\u00f3n"}]},{"@type":"WebSite","@id":"https:\/\/www.betweenlgbt.com.mx\/#website","url":"https:\/\/www.betweenlgbt.com.mx\/","name":"BETWEEN LGBT*","description":"BETWEEN LGBT* es una plataforma para consulta de derechos humanos de la poblaci\u00f3n LGBT en M\u00e9xico y Am\u00e9rica Latina","publisher":{"@id":"https:\/\/www.betweenlgbt.com.mx\/#organization"},"potentialAction":[{"@type":"SearchAction","target":{"@type":"EntryPoint","urlTemplate":"https:\/\/www.betweenlgbt.com.mx\/?s={search_term_string}"},"query-input":{"@type":"PropertyValueSpecification","valueRequired":true,"valueName":"search_term_string"}}],"inLanguage":"en-GB"},{"@type":"Organization","@id":"https:\/\/www.betweenlgbt.com.mx\/#organization","name":"BETWEEN LGBT*","url":"https:\/\/www.betweenlgbt.com.mx\/","logo":{"@type":"ImageObject","inLanguage":"en-GB","@id":"https:\/\/www.betweenlgbt.com.mx\/#\/schema\/logo\/image\/","url":"https:\/\/www.betweenlgbt.com.mx\/wp-content\/uploads\/2021\/12\/Captura-de-Pantalla-2021-12-20-a-las-14.19.48.png","contentUrl":"https:\/\/www.betweenlgbt.com.mx\/wp-content\/uploads\/2021\/12\/Captura-de-Pantalla-2021-12-20-a-las-14.19.48.png","width":464,"height":332,"caption":"BETWEEN LGBT*"},"image":{"@id":"https:\/\/www.betweenlgbt.com.mx\/#\/schema\/logo\/image\/"}}]}},"_links":{"self":[{"href":"https:\/\/www.betweenlgbt.com.mx\/en\/wp-json\/wp\/v2\/pages\/4812","targetHints":{"allow":["GET"]}}],"collection":[{"href":"https:\/\/www.betweenlgbt.com.mx\/en\/wp-json\/wp\/v2\/pages"}],"about":[{"href":"https:\/\/www.betweenlgbt.com.mx\/en\/wp-json\/wp\/v2\/types\/page"}],"author":[{"embeddable":true,"href":"https:\/\/www.betweenlgbt.com.mx\/en\/wp-json\/wp\/v2\/users\/1"}],"replies":[{"embeddable":true,"href":"https:\/\/www.betweenlgbt.com.mx\/en\/wp-json\/wp\/v2\/comments?post=4812"}],"version-history":[{"count":0,"href":"https:\/\/www.betweenlgbt.com.mx\/en\/wp-json\/wp\/v2\/pages\/4812\/revisions"}],"wp:attachment":[{"href":"https:\/\/www.betweenlgbt.com.mx\/en\/wp-json\/wp\/v2\/media?parent=4812"}],"curies":[{"name":"wp","href":"https:\/\/api.w.org\/{rel}","templated":true}]}}